{"id":87130,"date":"2023-03-13T10:51:25","date_gmt":"2023-03-13T09:51:25","guid":{"rendered":"https:\/\/activesc.se\/bollnas\/?page_id=87130"},"modified":"2023-03-13T10:54:58","modified_gmt":"2023-03-13T09:54:58","slug":"sekretesspolicy","status":"publish","type":"page","link":"https:\/\/activesc.se\/bollnas\/sekretesspolicy\/","title":{"rendered":"Sekretesspolicy"},"content":{"rendered":"\t\t<div data-elementor-type=\"wp-page\" data-elementor-id=\"87130\" class=\"elementor elementor-87130\" data-elementor-post-type=\"page\">\n\t\t\t\t\t\t<section class=\"elementor-section elementor-top-section elementor-element elementor-element-39bbb64c elementor-section-boxed elementor-section-height-default elementor-section-height-default\" data-id=\"39bbb64c\" data-element_type=\"section\">\n\t\t\t\t\t\t<div class=\"elementor-container elementor-column-gap-default\">\n\t\t\t\t\t<div class=\"elementor-column elementor-col-100 elementor-top-column elementor-element elementor-element-24713e22\" data-id=\"24713e22\" data-element_type=\"column\">\n\t\t\t<div class=\"elementor-widget-wrap elementor-element-populated\">\n\t\t\t\t\t\t<div class=\"elementor-element elementor-element-5fe07e89 elementor-widget elementor-widget-heading\" data-id=\"5fe07e89\" data-element_type=\"widget\" data-widget_type=\"heading.default\">\n\t\t\t\t<div class=\"elementor-widget-container\">\n\t\t\t<h2 class=\"elementor-heading-title elementor-size-default\">Information om hur vi behandlar medlemmars integritet och anv\u00e4ndning av v\u00e5ra produkter och tj\u00e4nster.<\/h2>\t\t<\/div>\n\t\t\t\t<\/div>\n\t\t\t\t<div class=\"elementor-element elementor-element-4f6770a7 elementor-widget elementor-widget-text-editor\" data-id=\"4f6770a7\" data-element_type=\"widget\" data-widget_type=\"text-editor.default\">\n\t\t\t\t<div class=\"elementor-widget-container\">\n\t\t\t\t\t\t\t<p>KMJ Gym &amp; Tr\u00e4ning i \u00d6stersund AB (h\u00e4danefter Active SC) f\u00f6rbeh\u00e5ller sig r\u00e4tten att \u00e4ndra denna policy genom att uppdatera denna sida. Vid st\u00f6rre f\u00f6r\u00e4ndringar kommer vi att informera dig som medlem om dessa.<\/p><p>Denna policy \u00e4r effektiv fr\u00e5n den\u00a0<strong>1 januari, 2019.<\/strong><\/p><p><strong>Personuppgiftsansvarig &amp; kontakt:<\/strong><br \/>Ljusnans Tr\u00e4ning och H\u00e4lsa AB<br \/>\u00c5sv\u00e4gen 140<br \/>836 72 \u00c5S<br \/>info@activesc.se<\/p><p>Om du anser att vi har brutit mot reglerna f\u00f6r behandling av personuppgifter eller har andra funderingar kring personuppgifter kan du kontakta din nationella dataskyddsmyndighet.\u00a0<a title=\"Lista \u00f6ver dessa finner du h\u00e4r!\" href=\"https:\/\/ec.europa.eu\/newsroom\/article29\/item-detail.cfm?item_id=612080\" target=\"_blank\" rel=\"noopener nofollow noreferrer\" data-anchor=\"?item_id=612080\">Lista \u00f6ver dessa finner du h\u00e4r!<\/a><\/p>\t\t\t\t\t\t<\/div>\n\t\t\t\t<\/div>\n\t\t\t\t<div class=\"elementor-element elementor-element-7124a6eb elementor-widget elementor-widget-heading\" data-id=\"7124a6eb\" data-element_type=\"widget\" data-widget_type=\"heading.default\">\n\t\t\t\t<div class=\"elementor-widget-container\">\n\t\t\t<h2 class=\"elementor-heading-title elementor-size-default\">Avsikten med denna sekretesspolicy \u00e4r att informera om:<\/h2>\t\t<\/div>\n\t\t\t\t<\/div>\n\t\t\t\t<div class=\"elementor-element elementor-element-6fd1b52f elementor-widget elementor-widget-text-editor\" data-id=\"6fd1b52f\" data-element_type=\"widget\" data-widget_type=\"text-editor.default\">\n\t\t\t\t<div class=\"elementor-widget-container\">\n\t\t\t\t\t\t\t<ul><li>Den h\u00e4r informationen samlar vi in om dig<\/li><li>Varf\u00f6r vi lagrar och behandlar dina personuppgifter<\/li><li>Dina r\u00e4ttigheter som medlem<\/li><\/ul>\t\t\t\t\t\t<\/div>\n\t\t\t\t<\/div>\n\t\t\t\t<div class=\"elementor-element elementor-element-a4279c3 elementor-widget elementor-widget-heading\" data-id=\"a4279c3\" data-element_type=\"widget\" data-widget_type=\"heading.default\">\n\t\t\t\t<div class=\"elementor-widget-container\">\n\t\t\t<h2 class=\"elementor-heading-title elementor-size-default\">Den h\u00e4r informationen samlar vi in om dig<\/h2>\t\t<\/div>\n\t\t\t\t<\/div>\n\t\t\t\t<div class=\"elementor-element elementor-element-60710a17 elementor-widget elementor-widget-text-editor\" data-id=\"60710a17\" data-element_type=\"widget\" data-widget_type=\"text-editor.default\">\n\t\t\t\t<div class=\"elementor-widget-container\">\n\t\t\t\t\t\t\t<p>F\u00f6r att vi ska kunna uppfylla v\u00e5rt avtal med dig som medlem, kommunicera, ge god service, uppr\u00e4tth\u00e5lla s\u00e4kerhet och f\u00f6rb\u00e4ttra upplevelsen beh\u00f6ver vi samla in vissa personuppgifter och anv\u00e4ndningsdata<\/p><ul><li><strong>S\u00e4rskiljande information:<\/strong>\u00a0Namn, f\u00f6delsedatum, personnummer, k\u00f6n, fingeravtryck, foto<\/li><li><strong>Kontaktinformation:<\/strong>\u00a0Postadress, telefonnummer, e-postadress<\/li><li><strong>Betalningsinformation:<\/strong>\u00a0Kreditkortsnummer\/kontonummer, transaktioner<\/li><li><strong>Historisk information:<\/strong>\u00a0Inpassering, grupptr\u00e4ningshistorik, meddelanden, unders\u00f6kningar,\u00a0<a href=\"https:\/\/activesc.se\/solleftea\/policy-for-kamerabevakning\/\">kamerabevakning<\/a>, loggar.<\/li><\/ul>\t\t\t\t\t\t<\/div>\n\t\t\t\t<\/div>\n\t\t\t\t<div class=\"elementor-element elementor-element-37098be8 elementor-widget elementor-widget-heading\" data-id=\"37098be8\" data-element_type=\"widget\" data-widget_type=\"heading.default\">\n\t\t\t\t<div class=\"elementor-widget-container\">\n\t\t\t<h2 class=\"elementor-heading-title elementor-size-default\">S\u00e5 h\u00e4r lagrar vi dina personuppgifter<\/h2>\t\t<\/div>\n\t\t\t\t<\/div>\n\t\t\t\t<div class=\"elementor-element elementor-element-7f8d6a12 elementor-widget elementor-widget-text-editor\" data-id=\"7f8d6a12\" data-element_type=\"widget\" data-widget_type=\"text-editor.default\">\n\t\t\t\t<div class=\"elementor-widget-container\">\n\t\t\t\t\t\t\t<p>All behandling av personuppgifter vi g\u00f6r sker inom EU\/EES-omr\u00e5det.<\/p><p>Dina personuppgifter lagras i upp till 12 m\u00e5nader efter att ditt medlemskap upph\u00f6rt alternativt 12 m\u00e5nader efter att du genomf\u00f6rt din sista betalning (vid kvarvarande skuld efter upph\u00f6rt medlemskap).<\/p><p>Undantag g\u00f6rs ifall en medlem blivit avst\u00e4ngd i enlighet med v\u00e5rt medlemsavtal. D\u00e5 sparas personuppgifter f\u00f6r att kunna identifiera den avst\u00e4ngde i ett system med begr\u00e4nsad \u00e5tkomst f\u00f6r Active SC&#8217;s personal. Personuppgifterna sparas fram tills avst\u00e4ngning upph\u00f6r.<\/p>\t\t\t\t\t\t<\/div>\n\t\t\t\t<\/div>\n\t\t\t\t<div class=\"elementor-element elementor-element-6db521c7 elementor-widget elementor-widget-heading\" data-id=\"6db521c7\" data-element_type=\"widget\" data-widget_type=\"heading.default\">\n\t\t\t\t<div class=\"elementor-widget-container\">\n\t\t\t<h2 class=\"elementor-heading-title elementor-size-default\">Varf\u00f6r vi lagrar och behandlar dina personuppgifter<\/h2>\t\t<\/div>\n\t\t\t\t<\/div>\n\t\t\t\t<div class=\"elementor-element elementor-element-94c9ee1 elementor-widget elementor-widget-text-editor\" data-id=\"94c9ee1\" data-element_type=\"widget\" data-widget_type=\"text-editor.default\">\n\t\t\t\t<div class=\"elementor-widget-container\">\n\t\t\t\t\t\t\t<p>V\u00e5r behandling av personuppgifter \u00e4r endast till\u00e5ten om det finns ett ing\u00e5nget avtal, samtycke, ifall det \u00e4r lagstadgat eller om det finns ett ber\u00e4ttigat intresse fr\u00e5n personuppgiftsansvarig (s k intresseavv\u00e4gning).<\/p>\t\t\t\t\t\t<\/div>\n\t\t\t\t<\/div>\n\t\t\t\t<div class=\"elementor-element elementor-element-2fb16f94 elementor-widget elementor-widget-heading\" data-id=\"2fb16f94\" data-element_type=\"widget\" data-widget_type=\"heading.default\">\n\t\t\t\t<div class=\"elementor-widget-container\">\n\t\t\t<h2 class=\"elementor-heading-title elementor-size-default\">Avtal<\/h2>\t\t<\/div>\n\t\t\t\t<\/div>\n\t\t\t\t<div class=\"elementor-element elementor-element-7c3a9cf6 elementor-widget elementor-widget-text-editor\" data-id=\"7c3a9cf6\" data-element_type=\"widget\" data-widget_type=\"text-editor.default\">\n\t\t\t\t<div class=\"elementor-widget-container\">\n\t\t\t\t\t\t\t<p>Vissa personuppgifter behandlas av oss f\u00f6r att fullg\u00f6ra ditt medlemsavtal och erbjuda dig m\u00f6jlighet att tr\u00e4na p\u00e5 v\u00e5ra gym. Genom att bli medlem p\u00e5 Active Sports Club godk\u00e4nner du v\u00e5rt\u00a0<a href=\"https:\/\/activesc.se\/solleftea\/wp-content\/uploads\/sites\/6\/2020\/06\/Abonnemangsavtal-Active-Sports-Club.pdf\" target=\"_blank\" rel=\"noopener noreferrer\"><strong>medlemsavtal<\/strong><\/a>\u00a0och bekr\u00e4ftar att du tagit del av denna sekretesspolicy.<\/p>\t\t\t\t\t\t<\/div>\n\t\t\t\t<\/div>\n\t\t\t\t<div class=\"elementor-element elementor-element-2224a0c9 elementor-widget elementor-widget-heading\" data-id=\"2224a0c9\" data-element_type=\"widget\" data-widget_type=\"heading.default\">\n\t\t\t\t<div class=\"elementor-widget-container\">\n\t\t\t<h2 class=\"elementor-heading-title elementor-size-default\">Lagstadgat<\/h2>\t\t<\/div>\n\t\t\t\t<\/div>\n\t\t\t\t<div class=\"elementor-element elementor-element-6a87dfc5 elementor-widget elementor-widget-text-editor\" data-id=\"6a87dfc5\" data-element_type=\"widget\" data-widget_type=\"text-editor.default\">\n\t\t\t\t<div class=\"elementor-widget-container\">\n\t\t\t\t\t\t\t<p>Fakturor och betalningshistorik behandlar vi f\u00f6r att f\u00f6lja de lagstadgade krav som st\u00e4lls p\u00e5 oss i respektive nationell lag.<\/p>\t\t\t\t\t\t<\/div>\n\t\t\t\t<\/div>\n\t\t\t\t<div class=\"elementor-element elementor-element-4f32959 elementor-widget elementor-widget-heading\" data-id=\"4f32959\" data-element_type=\"widget\" data-widget_type=\"heading.default\">\n\t\t\t\t<div class=\"elementor-widget-container\">\n\t\t\t<h2 class=\"elementor-heading-title elementor-size-default\">Samtycke<\/h2>\t\t<\/div>\n\t\t\t\t<\/div>\n\t\t\t\t<div class=\"elementor-element elementor-element-64b02d40 elementor-widget elementor-widget-text-editor\" data-id=\"64b02d40\" data-element_type=\"widget\" data-widget_type=\"text-editor.default\">\n\t\t\t\t<div class=\"elementor-widget-container\">\n\t\t\t\t\t\t\t<p>Vissa personuppgifter f\u00e5r bara sparas och\/eller nyttjas om den registrerade har l\u00e4mnat sitt samtycke.<\/p>\t\t\t\t\t\t<\/div>\n\t\t\t\t<\/div>\n\t\t\t\t<div class=\"elementor-element elementor-element-6ff81c33 elementor-widget elementor-widget-heading\" data-id=\"6ff81c33\" data-element_type=\"widget\" data-widget_type=\"heading.default\">\n\t\t\t\t<div class=\"elementor-widget-container\">\n\t\t\t<h2 class=\"elementor-heading-title elementor-size-default\">Fingeravtryck<\/h2>\t\t<\/div>\n\t\t\t\t<\/div>\n\t\t\t\t<div class=\"elementor-element elementor-element-4270f0c2 elementor-widget elementor-widget-text-editor\" data-id=\"4270f0c2\" data-element_type=\"widget\" data-widget_type=\"text-editor.default\">\n\t\t\t\t<div class=\"elementor-widget-container\">\n\t\t\t\t\t\t\t<p>F\u00f6r att ha \u00e5tkomst till Active Sports Clubs gym dygnet runt kr\u00e4vs det att du som medlem l\u00e4mnar samtycke om att vi behandlar ditt fingeravtryck. Detta samtycke l\u00e4mnar du p\u00e5 plats i samband med registreringen. Fingeravtrycket lagras enbart p\u00e5 ditt medlemskort vilket inneb\u00e4r att Active SC inte har tillg\u00e5ng till det, utan en verifiering sker endast vid inpassering.<\/p><p>Du kan v\u00e4lja att inte l\u00e4mna ditt samtycke, eller att n\u00e4r som helst \u00e5terkalla l\u00e4mnat samtycke, men d\u00e5 kan vi endast erbjuda dig tr\u00e4ning under bemannade tider.<\/p>\t\t\t\t\t\t<\/div>\n\t\t\t\t<\/div>\n\t\t\t\t<div class=\"elementor-element elementor-element-4c97c094 elementor-widget elementor-widget-heading\" data-id=\"4c97c094\" data-element_type=\"widget\" data-widget_type=\"heading.default\">\n\t\t\t\t<div class=\"elementor-widget-container\">\n\t\t\t<h2 class=\"elementor-heading-title elementor-size-default\">Marknadskommunikation<\/h2>\t\t<\/div>\n\t\t\t\t<\/div>\n\t\t\t\t<div class=\"elementor-element elementor-element-6ea44ea0 elementor-widget elementor-widget-text-editor\" data-id=\"6ea44ea0\" data-element_type=\"widget\" data-widget_type=\"text-editor.default\">\n\t\t\t\t<div class=\"elementor-widget-container\">\n\t\t\t\t\t\t\t<p>F\u00f6r att Active SC ska kunna skicka ut relevant information samt ifall du ska ha m\u00f6jlighet att delta i unders\u00f6kningar kr\u00e4vs ett samtycke fr\u00e5n dig. Detta samtycke kan l\u00e4mnas vid registreringen, antingen online eller p\u00e5 gymmet.<\/p><p>Om du inte vill motta s\u00e5dan information kan du n\u00e4r som helst v\u00e4lja att \u00e5terkalla ditt samtycke p\u00e5 gymmet eller via e-post till: info@activesc.se<\/p>\t\t\t\t\t\t<\/div>\n\t\t\t\t<\/div>\n\t\t\t\t<div class=\"elementor-element elementor-element-331f5597 elementor-widget elementor-widget-heading\" data-id=\"331f5597\" data-element_type=\"widget\" data-widget_type=\"heading.default\">\n\t\t\t\t<div class=\"elementor-widget-container\">\n\t\t\t<h2 class=\"elementor-heading-title elementor-size-default\">Intresseavv\u00e4gning<\/h2>\t\t<\/div>\n\t\t\t\t<\/div>\n\t\t\t\t<div class=\"elementor-element elementor-element-3cb8ff8e elementor-widget elementor-widget-text-editor\" data-id=\"3cb8ff8e\" data-element_type=\"widget\" data-widget_type=\"text-editor.default\">\n\t\t\t\t<div class=\"elementor-widget-container\">\n\t\t\t\t\t\t\t<p>Viss insamling och behandling av personuppgifter t\u00e4cks inte av avtal, lagkrav eller samtycke utan dessa t\u00e4cks in av det som kallas intresseavv\u00e4gning. Detta \u00e4r information d\u00e4r intresset av behandling av s\u00e4rskilda uppgifter f\u00f6r antingen Active SC (den personuppgiftsansvarige), den enskilde medlemmen eller \u00f6vriga medlemmar v\u00e4ger tyngre \u00e4n den enskilde medlemmens intresse av skydd mot kr\u00e4nkningar av den personliga integriteten.<\/p><p>Vi anv\u00e4nder detta f\u00f6r att:<\/p><ul><li>B\u00e4ttre f\u00f6rst\u00e5 dina behov f\u00f6r att p\u00e5 s\u00e5 viss kontinuerligt kunna f\u00f6rb\u00e4ttra och erbjuda en s\u00e5 bra medlemsupplevelse som m\u00f6jligt.<\/li><li>Endast kommunicera relevant information med dig.<\/li><li>Skapa en trygg och s\u00e4ker tr\u00e4ningsmilj\u00f6 f\u00f6r dig, \u00f6vriga medlemmar och v\u00e5ra anst\u00e4llda.<\/li><\/ul>\t\t\t\t\t\t<\/div>\n\t\t\t\t<\/div>\n\t\t\t\t<div class=\"elementor-element elementor-element-22e8e53a elementor-widget elementor-widget-heading\" data-id=\"22e8e53a\" data-element_type=\"widget\" data-widget_type=\"heading.default\">\n\t\t\t\t<div class=\"elementor-widget-container\">\n\t\t\t<h2 class=\"elementor-heading-title elementor-size-default\">Dina r\u00e4ttigheter som medlem<\/h2>\t\t<\/div>\n\t\t\t\t<\/div>\n\t\t\t\t<div class=\"elementor-element elementor-element-2ad20b11 elementor-widget elementor-widget-text-editor\" data-id=\"2ad20b11\" data-element_type=\"widget\" data-widget_type=\"text-editor.default\">\n\t\t\t\t<div class=\"elementor-widget-container\">\n\t\t\t\t\t\t\t<p>Enligt lagstadgade villkor har du r\u00e4tt att:<\/p><ul><li>F\u00e5 information om de personuppgifter som finns lagrade hos oss om dig.<\/li><li>Beg\u00e4ra korrigering av felaktiga data, begr\u00e4nsning av data eller radering av dina personuppgifter.<\/li><li>Inv\u00e4nda mot den behandling som grundar sig p\u00e5 en intresseavv\u00e4gning.<\/li><li>Ta del av uppgifter som behandlas pga. samtycke och n\u00e4r som helst \u00e5terkalla l\u00e4mnat samtycke.<\/li><li>F\u00e5 den personliga information som du sj\u00e4lv har uppgett i ett strukturerat, maskinl\u00e4sbart format (dataportabilitet).<\/li><\/ul><p>Vill du nyttja dessa r\u00e4ttigheter kan du bes\u00f6ka n\u00e4rmaste gym under bemannade tider och identifiera dig med giltig legitimation.<\/p>\t\t\t\t\t\t<\/div>\n\t\t\t\t<\/div>\n\t\t\t\t\t<\/div>\n\t\t<\/div>\n\t\t\t\t\t<\/div>\n\t\t<\/section>\n\t\t\t\t<\/div>\n\t\t","protected":false},"excerpt":{"rendered":"<p>Information om hur vi behandlar medlemmars integritet och anv\u00e4ndning av v\u00e5ra produkter och tj\u00e4nster. KMJ Gym &amp; Tr\u00e4ning i \u00d6stersund AB (h\u00e4danefter Active SC) f\u00f6rbeh\u00e5ller sig r\u00e4tten att \u00e4ndra denna policy genom att uppdatera denna sida. Vid st\u00f6rre f\u00f6r\u00e4ndringar kommer vi att informera dig som medlem om dessa. Denna policy \u00e4r effektiv fr\u00e5n den\u00a01 januari,&hellip;<\/p>\n","protected":false},"author":1,"featured_media":0,"parent":0,"menu_order":0,"comment_status":"closed","ping_status":"closed","template":"","meta":{"footnotes":""},"acf":[],"_links":{"self":[{"href":"https:\/\/activesc.se\/bollnas\/wp-json\/wp\/v2\/pages\/87130"}],"collection":[{"href":"https:\/\/activesc.se\/bollnas\/wp-json\/wp\/v2\/pages"}],"about":[{"href":"https:\/\/activesc.se\/bollnas\/wp-json\/wp\/v2\/types\/page"}],"author":[{"embeddable":true,"href":"https:\/\/activesc.se\/bollnas\/wp-json\/wp\/v2\/users\/1"}],"replies":[{"embeddable":true,"href":"https:\/\/activesc.se\/bollnas\/wp-json\/wp\/v2\/comments?post=87130"}],"version-history":[{"count":4,"href":"https:\/\/activesc.se\/bollnas\/wp-json\/wp\/v2\/pages\/87130\/revisions"}],"predecessor-version":[{"id":87135,"href":"https:\/\/activesc.se\/bollnas\/wp-json\/wp\/v2\/pages\/87130\/revisions\/87135"}],"wp:attachment":[{"href":"https:\/\/activesc.se\/bollnas\/wp-json\/wp\/v2\/media?parent=87130"}],"curies":[{"name":"wp","href":"https:\/\/api.w.org\/{rel}","templated":true}]}}